{"id":1705,"date":"2022-02-22T16:23:40","date_gmt":"2022-02-22T16:23:40","guid":{"rendered":"https:\/\/karmelcentra.nl\/oss\/?page_id=1705"},"modified":"2025-09-29T12:43:30","modified_gmt":"2025-09-29T12:43:30","slug":"programma","status":"publish","type":"page","link":"https:\/\/karmelcentra.nl\/oss\/programma\/","title":{"rendered":"Programma"},"content":{"rendered":"<p>[vc_row][vc_column][vc_column_text][\/vc_column_text][vc_tta_accordion color=&#8221;white&#8221; spacing=&#8221;5&#8243; c_icon=&#8221;triangle&#8221; active_section=&#8221;0&#8243; collapsible_all=&#8221;true&#8221;][vc_tta_section title=&#8221;Jaarthema 2025-2026: Vrouwen in de mystieke traditie&#8221; tab_id=&#8221;1705394810312-6bf4943c-75e5&#8243;][vc_column_text]Ook dit seizoen zoeken we onze weg naar mystieke inspiratie, naar richtingwijzers, pleisterplaatsen om even halt te houden.<br \/>\nVelen zijn ons voorgegaan op deze weg.<br \/>\nUit hun wijsheid kunnen wij putten.<br \/>\nOok uit de wijsheid van z.g. \u201cWoestijnmoeders\u201d.<br \/>\nDaarnaast maken we kennis met twee vrouwen op de mystieke weg:<\/p>\n<p>Hildegard van Bingen en Jane Goodall.<\/p>\n<p>&nbsp;<\/p>\n<p>Het programma van 2025-2026<\/p>\n<p>&nbsp;<\/p>\n<p><strong>Zaterdag 4 Oktober 2025<\/strong>: Documentaire: Jane Goodall, \u2018Alleen op de Berg\u2019.<\/p>\n<p>Uit de Serie\u2019 Van de schoonheid en de Troost\u2019, van Wim Kayzer, Aflevering 4.<\/p>\n<p>Jane Goodall, momenteel 91 jaar, bestudeerde in Tanzania chimpansees en bouwde een relatie met ze op. Ze was de eerste die haar dieren een eigen naam gaf. Ze toonde aan dat de verschillen tussen mens en dier minder groot zijn dan we dachten en dat we allemaal deel uitmaken van een groter geheel, de Goddelijke werkelijkheid. In de documentaire \u2018Alleen op de Berg\u2019 maken we kennis met haar bezieling als ze spreekt over afscheid, verdriet, troost, leven en dood. De berg is een symbool voor de verbinding van de mens met het goddelijke en is in verschillende godsdiensten de plaats van de Godsontmoeting. Goodall vertelt hoe ze dat in haar leven heeft ervaren.<br \/>\n<strong>Plaats: de ontmoetingszaal van <em>De Valkenburcht, <\/em>Kasteelseplaats 4 te Ravenstein<\/strong>.<br \/>\nTijd: van 10 tot rond 12 uur.<br \/>\nKosten \u20ac 5,00<br \/>\nBegeleiding: Stans Ligthart<\/p>\n<p>&nbsp;<\/p>\n<p><strong>Zaterdag 29 november 2025<\/strong>: Film: \u2018Het Geheimzinnige licht\u2019, Leven en Spiritualiteit van Hildegard van Bingen.<br \/>\nPrachtige film en documentaire over een boeiende vrouw die leefde in een tijd en een wereldbeeld dat nog helemaal was ingebed in een sacraal levensgevoel waar alles met alles samenhangt, man en vrouw, mens en kosmos kunnen niet van elkaar gescheiden worden.<br \/>\nHildegard, een benedictijnse abdis, leefde in de 12<sup>e<\/sup> eeuw. Ze was een ontwikkelde vrouw op velerlei gebied, een autoriteit op o.a. muziek, plantkunde en medicijnen, religie en kosmologie. Ze leefde een godsvruchtig leven en kreeg verschillende visioenen die haar secretaris Volmar noteerde. Ze geldt als de een van de eerste vrouwelijke mystici.<br \/>\n<strong>Plaats: de ontmoetingszaal van <em>De Valkenburcht, <\/em>Kasteelseplaats 4 te Ravenstein.<\/strong><br \/>\nTijd: van 10 uur tot rond 12 uur.<br \/>\nBegeleiding: Stans Ligthart<br \/>\nKosten: \u20ac 5,00<\/p>\n<p>&nbsp;<\/p>\n<p><strong>Zaterdag 24 januari, 21 februari, 14 maart.<\/strong><br \/>\n\u2018Op Reis met de Woestijnmoeders\u2019.<br \/>\n<strong>Inleidingen en begeleiding:<\/strong> Had\u00e9 Overdulve,<br \/>\nmedewerkster van het \u2018Centrum voor Spiritualiteit Karmel Twente\u2019.<br \/>\nLid van Karmelbeweging.<\/p>\n<p>Zij schrijft hierover:<br \/>\nGa mee op ontdekkingstocht naar de woestijnmoeders, naar de amma\u2019s.<br \/>\nVrouwen die in de eerste eeuwen van de christelijke jaartelling de vroege kerk en de samenleving verlieten om in eenzaamheid, of in afgelegen kleine gemeenschappen, een teruggetrokken leven te leiden in de woestijn of wildernis en daar een sterke spiritualiteit ontwikkelden.<br \/>\nOver hen is weinig bekend. Wat jammer is. Want het zijn intrigerende en wijze vrouwen.<br \/>\nIn drie ochtenden kunt u met hen kennismaken:<\/p>\n<p><strong>Zaterdag 24 januari 2026<\/strong>, In de context waarin ze leefden en waaruit ze zo radicaal vertrokken.<br \/>\n<strong>Zaterdag 21 februari<\/strong>, met haar bezieling en wijsheid.<br \/>\n<strong>Zaterdag 14 maart<\/strong>, Wat is hun zeggingskracht voor ons. Hier en nu?<\/p>\n<p>De bijeenkomsten kennen een combinatie van inleiding en een verdiepende werkvorm. Enige kennis van of affiniteit met de christelijke traditie is handig.<br \/>\nReis mee naar de vrouwen in de woestijn in de tijd van het vroege christendom<br \/>\n.<br \/>\n<strong>\u00a0Aanmelden<\/strong>: U schrijft zich in voor de drie bijeenkomsten bij Stans Ligthart,<br \/>\ne-mail stansligthart@gmail.com<br \/>\n<strong>Kosten: \u20ac 15,- voor het totaal, vooraf te voldoen<\/strong>.<\/p>\n<p><em>Overschrijven naar<br \/>\nNL61 RABO 0131 6054 53 t.n.v. PGM Lammers o.o.v. Woestijnmoeders.<br \/>\n<\/em><strong>Plaats<\/strong>: de ontmoetingszaal van <em>De Valkenburcht, <\/em>Kasteelseplaats 4 te Ravenstein.<br \/>\nTijd: van 10 uur tot rond 12 uur.[\/vc_column_text][\/vc_tta_section][vc_tta_section title=&#8221;Samenscholen rond de Schrift&#8221; tab_id=&#8221;1758881165651-ded67ffa-4f13&#8243;][vc_column_text]Elke dinsdagmiddag lezen we, met wie maar wil en van welke gezindte ook, het evangelie van de komende zondag. We overwegen de tekst enerzijds met het oog op zijn betekenis \u2013 wat staat er nu eigenlijk?, en anderzijds op de betekenis ervan voor ons concrete leven hier en nu \u2013 wat wekt de tekst aan verlangen in ons? We discussie\u0308ren niet met elkaar, maar respecteren ieders inbreng.<\/p>\n<p>&nbsp;<\/p>\n<p>\n<table id=\"tablepress-40\" class=\"tablepress tablepress-id-40\">\n<tbody class=\"row-hover\">\n<tr class=\"row-1\">\n\t<td class=\"column-1\">Data:<\/td><td class=\"column-2\">Elke dinsdag<\/td>\n<\/tr>\n<tr class=\"row-2\">\n\t<td class=\"column-1\">Tijd:<\/td><td class=\"column-2\">14.00 u-15.30 u<\/td>\n<\/tr>\n<tr class=\"row-3\">\n\t<td class=\"column-1\">Plaats:<\/td><td class=\"column-2\">\u201cDe uitkomst\u201d van de protestantse gemeente Ravenstein Nieuwstraat  7 Ravenstein<\/td>\n<\/tr>\n<tr class=\"row-4\">\n\t<td class=\"column-1\">Begeleiding:<\/td><td class=\"column-2\">Leon Teubner; info <a href=\"mailto:ldmteubner@gmail.com\">ldmteubner@gmail.com<\/a><\/td>\n<\/tr>\n<tr class=\"row-5\">\n\t<td class=\"column-1\">Kosten:<\/td><td class=\"column-2\">Vrije gave<\/td>\n<\/tr>\n<\/tbody>\n<\/table>\n<!-- #tablepress-40 from cache -->[\/vc_column_text][\/vc_tta_section][vc_tta_section title=&#8221;Mystieke tekstlezing: Meester Eckhart&#8221; tab_id=&#8221;1758880792945-e76693c7-2154&#8243;][vc_column_text]In onderscheid vindt men noch de eenheid noch het zijn, noch God, noch rust, noch zaligheid, noch bevrediging. Wees \u00e9\u00e9n, zodat je God moge vinden! En werkelijk, als je echt \u00e9\u00e9n zou zijn, dan zou je ook in de onderscheidenheid \u00e9\u00e9n blijven, en onderscheidenheid zou eenheid voor je zijn en zou je nu helemaal niet hinderen (Meester Eckhart)<\/p>\n<p>&nbsp;<\/p>\n<p>We gaan het komende seizoen op elke 1 e vrijdag van de maand teksten lezen van Meester Eckhart over \u2018Eenheid en veelheid\u2019; en over \u2018Zijn en niet-zijn\u2019. Het zijn thema\u2019s in zijn werk die aan de basis liggen van zijn mystieke verstaan van het menselijk leven.<\/p>\n<p>&nbsp;<\/p>\n<p>We beginnen op vrijdag 3 oktober, van 10.30-12.00 uur in \u2018De Uitkomst\u2019, Nieuwstraat 7 te Ravenstein (voor mensen op afstand ook thuis te volgen via Zoom online).<\/p>\n<p>Voor \u2018starters\u2019: opgave via <a href=\"mailto:ldmteubner@gmail.com\">ldmteubner@gmail.com<\/a>.<\/p>\n<p>De teksten en de Zoomlink worden je bijtijds toegestuurd. De bijeenkomsten zijn gratis te volgen.[\/vc_column_text][\/vc_tta_section][vc_tta_section title=&#8221;Online mystieke tekstlezing: Jan van het Kruis&#8221; tab_id=&#8221;1758879064178-00971347-6ea8&#8243;][vc_column_text]Waar heb jij je verborgen, Beminde,<br \/>\nen jij liet mij in zuchten achter.<br \/>\nAls een hert ben jij gevlucht,<br \/>\nnadat jij mij gekwetst had,<br \/>\nRoepend liep ik je na, en jij was weg. (Jan van het Kruis)<\/p>\n<p>&nbsp;<\/p>\n<p>Elke 3e vrijdag van de maand lezen en overwegen we de gedichten van Jan van het Kruis.<br \/>\nDeze bijeenkomsten zijn online te volgen.<br \/>\nTijdstip: we beginnen op vrijdag 17 okt van 10.30-12.00 en vervolgen de bijeenkomsten op elke 3e vrijdag van de maand op diezelfde tijd.<\/p>\n<p>Begeleiding Leon Teubner<br \/>\nVoor \u2018starters\u2019: opgave via <a href=\"mailto:ldmteubner@gmail.com\">ldmteubner@gmail.com<\/a>.<br \/>\nDe teksten en de Zoomlink worden je bijtijds toegestuurd. De bijeenkomsten zijn gratis te volgen.[\/vc_column_text][\/vc_tta_section][vc_tta_section title=&#8221;Online mystieke filosofie: God en de goden&#8221; tab_id=&#8221;1758878140649-fdddca0c-14c9&#8243;][vc_column_text]Destijds was noch het Niet-Zijn, noch het Zijn,<br \/>\ngeen luchtruim was, geen hemel boven. \u2013<\/p>\n<p>Wie hoedde toen de wereld,<br \/>\nen in wie was zij besloten? (Rigveda)<\/p>\n<p>&nbsp;<\/p>\n<p>Dit najaar\/voorjaar lezen we teksten met als thema: God en de goden\u2019.<\/p>\n<p>&nbsp;<\/p>\n<p>We gaan grondteksten lezen en overwegen uit de filosofische traditie van de grote wereldreligies: o.a. uit de Indiase Veda&#8217;s en Upanishaden, het Chinese Tao\u00efsme, het Boeddhisme, het Joden- en Christendom, specifiek op hun verwoording van het goddelijke\/numineuze in de menselijke ervaring.<\/p>\n<p>&nbsp;<\/p>\n<p>De bijeenkomsten zijn online, om de week, op de maandagavond van 19.15-20.20 uur.<\/p>\n<p>&nbsp;<\/p>\n<p>Begindatum is 6 oktober.<br \/>\nVoor \u2018starters\u2019: opgave via <a href=\"mailto:ldmteubner@gmail.com\">ldmteubner@gmail.com<\/a>.<br \/>\nDe teksten en de Zoomlink worden je bijtijds toegestuurd. De bijeenkomsten zijn gratis te volgen.[\/vc_column_text][\/vc_tta_section][vc_tta_section title=&#8221;Bezinning rond teksten van Dietrich Bonhoeffer&#8221; tab_id=&#8221;1725806476176-c75bb277-d5d2&#8243;][vc_column_text]Seizoen 2025 \u2013 2026: teksten van Dietrich Bonhoeffer<\/p>\n<p>Komend jaar lezen we uit de geschriften van Dietrich Bonhoeffer (Duitsland, 1906-1945).<\/p>\n<p>Dietrich Bonhoeffer geldt als een van de bekendste\u00a0<a href=\"https:\/\/historiek.net\/protestanten-herkomst-oorsprong-spiers\/118306\/\">protestantse<\/a>\u00a0theologen van de twintigste eeuw. Vanaf de opkomst van Hitler in de jaren dertig van de vorige eeuw, verzette hij zich krachtig tegen het nationaalsocialistische gedachtegoed. Terwijl veel kerkleiders zich ernaar voegden\u00a0en zich meegaand opstelden, koos Bonhoeffer ervoor om openlijk stelling te nemen. Hij was medeoprichter van de zogeheten \u2018Bekennende Kirche\u2019, een kerkelijk netwerk dat zich verzette tegen de nazificatie van het Duitse protestantisme.<\/p>\n<p>Bonhoeffer koos ervoor in Berlijn te blijven en sloot zich aan bij het verzet. Dat leidde in 1943 tot zijn arrestatie en uiteindelijk tot zijn dood in april 1945, kort voor het einde van de oorlog.<\/p>\n<p>Dietrich was al heel jong zich bewust van zijn innerlijke verbinding met het &#8216;heilige&#8217;. Kenmerkend voor zijn levenshouding en spiritualiteit is deze uitsprak van hem, vanuit de gevangenis: <em>\u2018Ons christen-zijn zal in deze tijd bestaan uit slechts twee elementen: bidden en onder de mensen gerechtigheid doen\u2019. <\/em><\/p>\n<p>Bonhoeffers theologische nalatenschap, waaronder het boek\u00a0<a href=\"https:\/\/partner.bol.com\/click\/click?p=2&amp;t=url&amp;s=656&amp;f=TXL&amp;url=https%3A%2F%2Fwww.bol.com%2Fnl%2Fnl%2Ff%2Fverzet-en-overgave%2F35500154%2F&amp;name=Verzet%20en%20overgave%2C%20Dietrich%20Bonhoeffer\"><em>Verzet en overgave<\/em><\/a>\u00a0met gevangenisbrieven en aantekeningen, vond wereldwijd een breed publiek. Andere bekende werken zijn\u00a0<a href=\"https:\/\/partner.bol.com\/click\/click?p=2&amp;t=url&amp;s=656&amp;f=TXL&amp;url=https%3A%2F%2Fwww.bol.com%2Fnl%2Fnl%2Ff%2Fnavolging%2F30005781%2F&amp;name=Christelijke%20Klassiekers%20-%20Navolging%2C%20Dietrich...\"><em>Navolging<\/em><\/a>, <a href=\"https:\/\/partner.bol.com\/click\/click?p=2&amp;t=url&amp;s=656&amp;f=TXL&amp;url=https%3A%2F%2Fwww.bol.com%2Fnl%2Fnl%2Fp%2Fleven-met-elkander%2F666754616%2F&amp;name=Leven%20Met%20Elkander%2C%20Dietrich%20Bonhoeffer\"><em>Leven met elkander<\/em><\/a>\u00a0en\u00a0<em>Aanzetten voor een ethiek<\/em>.<\/p>\n<p>&nbsp;<\/p>\n<p>Per keer lezen en overwegen we enkele teksten uit verschillende geschriften van hem. Het gaat ons er enerzijds om de ervaring van waaruit de tekst geschreven is, op het spoor te komen en te begrijpen. Anderzijds gaat het om de weerklank van de teksten in ieders eigen leven.<br \/>\nMet andere woorden: de spirituele teksten die we lezen vormen bron en aanleiding om onze eigen (dagelijkse) levensweg, geloof en spiritualiteit te verkennen en ter sprake te brengen.<\/p>\n<p>&nbsp;<\/p>\n<p>Datum: Vrijdag 12 september<br \/>\nVrijdag 10 oktober<br \/>\nVrijdag 14 november<br \/>\nVrijdag 12 december<br \/>\nVrijdag\u00a0\u00a0 9 januari 2026<\/p>\n<p>Vrijdag 13 februari<\/p>\n<p>Vrijdag 13 maart<\/p>\n<p>Vrijdag 10 april<\/p>\n<p>Vrijdag\u00a0\u00a0 8 mei<\/p>\n<p>Vrijdag 12 juni<\/p>\n<p>Tijd: 9.30 u tot 11,30 u<\/p>\n<p>Begeleiding Ans Bertens<br \/>\nAls u wilt deelnemen neem dan contact op met Ans Bertens; Ans Bertens <a href=\"mailto:jhcm.bertens@planet.nl\">jhcm.bertens@planet.nl<\/a><\/p>\n<p>Kosten \u20ac10,00 per keer.[\/vc_column_text][\/vc_tta_section][vc_tta_section title=&#8221;Vesperdiensten op vrijdag&#8221; tab_id=&#8221;1645971759244-5e9d15e3-5463&#8243;][vc_column_text]Wij bidden de Vespers iedere eerste vrijdag van de maand om 16.30 in de Jozefkapel, St. Luciastraat 5 te Ravenstein. Daarna kunnen we elkaar ontmoeten bij een kop koffie of thee.<br \/>\nHet nieuwe seizoen begint op 6 september. In de advents- en vastentijd bidden we de Vespers elke vrijdag: 5 december 2025; 12 december; 19 december<\/p>\n<p>vrijdag 2 januari 2026; 6 februari; 20 februari; 27 februari; 6 maart; 13 maart; 20 maart; 27 maart[\/vc_column_text][\/vc_tta_section][\/vc_tta_accordion][vc_column_text][\/vc_column_text][\/vc_column][\/vc_row]<\/p>\n","protected":false},"excerpt":{"rendered":"<p>[vc_row][vc_column][vc_column_text][\/vc_column_text][vc_tta_accordion color=&#8221;white&#8221; spacing=&#8221;5&#8243; c_icon=&#8221;triangle&#8221; active_section=&#8221;0&#8243; collapsible_all=&#8221;true&#8221;][vc_tta_section title=&#8221;Jaarthema 2025-2026: Vrouwen in de mystieke traditie&#8221; tab_id=&#8221;1705394810312-6bf4943c-75e5&#8243;][vc_column_text]Ook dit seizoen zoeken we onze weg naar mystieke inspiratie, naar richtingwijzers, pleisterplaatsen om even halt te [&hellip;]<\/p>\n","protected":false},"author":1,"featured_media":0,"parent":0,"menu_order":0,"comment_status":"closed","ping_status":"closed","template":"","meta":{"_acf_changed":false,"_monsterinsights_skip_tracking":false,"_monsterinsights_sitenote_active":false,"_monsterinsights_sitenote_note":"","_monsterinsights_sitenote_category":0,"footnotes":""},"class_list":["post-1705","page","type-page","status-publish","hentry","page-entry","loop-entry clr"],"acf":[],"_links":{"self":[{"href":"https:\/\/karmelcentra.nl\/oss\/wp-json\/wp\/v2\/pages\/1705","targetHints":{"allow":["GET"]}}],"collection":[{"href":"https:\/\/karmelcentra.nl\/oss\/wp-json\/wp\/v2\/pages"}],"about":[{"href":"https:\/\/karmelcentra.nl\/oss\/wp-json\/wp\/v2\/types\/page"}],"author":[{"embeddable":true,"href":"https:\/\/karmelcentra.nl\/oss\/wp-json\/wp\/v2\/users\/1"}],"replies":[{"embeddable":true,"href":"https:\/\/karmelcentra.nl\/oss\/wp-json\/wp\/v2\/comments?post=1705"}],"version-history":[{"count":109,"href":"https:\/\/karmelcentra.nl\/oss\/wp-json\/wp\/v2\/pages\/1705\/revisions"}],"predecessor-version":[{"id":2510,"href":"https:\/\/karmelcentra.nl\/oss\/wp-json\/wp\/v2\/pages\/1705\/revisions\/2510"}],"wp:attachment":[{"href":"https:\/\/karmelcentra.nl\/oss\/wp-json\/wp\/v2\/media?parent=1705"}],"curies":[{"name":"wp","href":"https:\/\/api.w.org\/{rel}","templated":true}]}}